{"id":37,"date":"2022-03-21T14:56:04","date_gmt":"2022-03-21T13:56:04","guid":{"rendered":"https:\/\/la-barberie.fr\/?page_id=37"},"modified":"2022-09-17T12:15:58","modified_gmt":"2022-09-17T10:15:58","slug":"mentions-legales","status":"publish","type":"page","link":"https:\/\/la-barberie.fr\/?page_id=37","title":{"rendered":"Mentions L\u00e9gales"},"content":{"rendered":"<p>[vc_row][vc_column][vc_column_text]<\/p>\n<div>\n<p><strong>Conditions d&rsquo;utilisation du site <\/strong><\/p>\n<p>Le site <a href=\"https:\/\/la-barberie.fr\" class=\"\">https:\/\/www.la-barberie.fr<\/a>\u00a0est destin\u00e9 \u00e0 l&rsquo;information personnelle des internautes qui l&rsquo;utilisent. L&rsquo;acc\u00e8s et l&rsquo;utilisation de ce site sont soumis aux pr\u00e9sentes conditions g\u00e9n\u00e9rales d\u00e9taill\u00e9es ci-apr\u00e8s ainsi qu&rsquo;aux lois applicables.<\/p>\n<p>La connexion et l&rsquo;acc\u00e8s au site <a href=\"https:\/\/la-barberie.fr\" class=\"\">https:\/\/www.la-barberie.fr<\/a> implique l&rsquo;acceptation int\u00e9grale et sans r\u00e9serve par l&rsquo;internaute de toutes les dispositions des pr\u00e9sentes conditions g\u00e9n\u00e9rales.<\/p>\n<p>La Barberie , au capital de xxxxx Euros dont le si\u00e8ge social est 4 route de la Barberie &#8211; 50310 Saint-Marcouf , immatricul\u00e9e au Registre du Commerce et des Soci\u00e9t\u00e9s de .<\/p>\n<ul>\n<li>Dirigeants : Feyus Christian et Lecarpentier Jean<\/li>\n<\/ul>\n<h2><strong>Droits de propri\u00e9t\u00e9 intellectuelle <\/strong><\/h2>\n<p>Les \u00e9l\u00e9ments de ce site :<\/p>\n<blockquote><p>a) sont prot\u00e9g\u00e9s par la l\u00e9gislation sur le droit d&rsquo;auteur : ce peut \u00eatre notamment le cas des photographies, des articles, des dessins, des s\u00e9quences anim\u00e9es,&#8230; ;<\/p>\n<p align=\"left\">b) et\/ou sont prot\u00e9g\u00e9s par la l\u00e9gislation sur les dessins et mod\u00e8les : ce sont notamment les prototypes de pi\u00e8ces pr\u00e9sent\u00e9s sur le site ;<\/p>\n<p align=\"left\">\n<\/blockquote>\n<p>A ce titre, toute reproduction, repr\u00e9sentation, utilisation, adaptation, modification, incorporation, traduction, commercialisation, partielles ou int\u00e9grales par quelque proc\u00e9d\u00e9 et sur quelque support que ce soit (papier, num\u00e9rique, &#8230;) sont interdites, sans l&rsquo;autorisation \u00e9crite, hormis les exceptions vis\u00e9es \u00e0 l&rsquo;article L 122.5 du Code de la Propri\u00e9t\u00e9 Intellectuelle , sous peine de constituer un d\u00e9lit de contrefa\u00e7on de droit d&rsquo;auteur et\/ou de dessins et mod\u00e8les et\/ou de marque, puni de deux ans d&#8217;emprisonnement et de 152 449,02\u20ac (soit 1.000.000 F ) d&rsquo;amende.<\/p>\n<h2><strong>Informations relatives aux produits et services <\/strong><\/h2>\n<p>Les informations et illustrations figurant sur les pages de ce site Internet sont bas\u00e9es sur les caract\u00e9ristiques et comp\u00e9tences de l&rsquo;entreprise en cours au moment de la mise en ligne ou de la mise \u00e0 jour des diff\u00e9rentes pages du site.<\/p>\n<p>Dans le cadre d&rsquo;une politique d&rsquo;am\u00e9lioration constante de ses services et de ses moyens de production, nous pouvons modifier \u00e0 tout moment les caract\u00e9ristiques de ses prestations.<\/p>\n<p>En tout \u00e9tat de cause, les informations contenues sur ce site sont des informations \u00e0 caract\u00e8re g\u00e9n\u00e9ral et n&rsquo;ont pas valeur contractuelle.<\/p>\n<h2><strong>Protection des donn\u00e9es personnelles <\/strong><\/h2>\n<p>La consultation du site <a href=\"https:\/\/la-barberie.fr\" class=\"\">https:\/\/www.la-barberie.fr <\/a>\u00a0est possible sans que vous ayez \u00e0 r\u00e9v\u00e9ler votre identit\u00e9 ou toute autre information \u00e0 caract\u00e8re personnel vous concernant.<\/p>\n<p>Concernant les informations \u00e0 caract\u00e8re nominatif que vous seriez amen\u00e9s \u00e0 nous communiquer, vous b\u00e9n\u00e9ficiez d&rsquo;un droit d&rsquo;acc\u00e8s et de rectification conform\u00e9ment \u00e0 la loi fran\u00e7aise Informatique et Libert\u00e9 n\u00b0 78-17 du 6 janvier 1978. Vous pouvez exercer ce droit aupr\u00e8s de <a href=\"https:\/\/la-barberie.fr\" class=\"\"><\/a> La Barberie, 4 route de la Barberie &#8211; 50310 Saint-Marcouf ,T\u00e9l. : 06 58 84 41 14.<\/p>\n<p>La collecte de ces informations est n\u00e9cessaire pour r\u00e9pondre \u00e0 vos demandes de renseignement, de prise de rendez-vous et vous adresser, le cas \u00e9ch\u00e9ant, une lettre d&rsquo;information \u00e9lectronique.<\/p>\n<p>Nous vous signalons qu&rsquo;afin de vous proposer des produits et services toujours plus adapt\u00e9s, certaines informations \u00e0 caract\u00e8re non personnel, relatives \u00e0 votre activit\u00e9 sur ce site, seront automatiquement collect\u00e9es.<\/p>\n<p>Ces informations sont destin\u00e9es \u00e0 <a href=\"https:\/\/la-barberie.fr\" class=\"\">https:\/\/www.la-barberie.fr <\/a>, ses filiales et son r\u00e9seau commercial et pourront \u00e9galement \u00eatre utilis\u00e9es dans le cadre d&rsquo;op\u00e9rations commerciales ou de marketing ou servir de base \u00e0 des \u00e9tudes et analyses.<\/p>\n<p>Si vous souhaitez \u00eatre contact\u00e9 lors d&rsquo;op\u00e9rations commerciales, il vous suffit de cocher la case figurant au bas des diff\u00e9rents formulaires pr\u00e9sents sur le site.<\/p>\n<h2><strong>Droit applicable <\/strong><\/h2>\n<p>Le site Internet <a href=\"https:\/\/la-barberie.fr\" class=\"\">https:\/\/www.la-barberie.fr <\/a>\u00a0et les pr\u00e9sentes conditions g\u00e9n\u00e9rales sont soumises au droit fran\u00e7ais et sont r\u00e9dig\u00e9s en fran\u00e7ais.<\/p>\n<h2><strong>Limitation de responsabilit\u00e9 <\/strong><\/h2>\n<p>Vous utilisez le site <a href=\"https:\/\/la-barberie.fr\" class=\"\">https:\/\/www.la-barberie.fr <\/a>sous votre seule et enti\u00e8re responsabilit\u00e9. Nous ne pourront \u00eatre tenus pour responsables des dommages directs ou indirects, tels que, notamment, pr\u00e9judice mat\u00e9riel, pertes de donn\u00e9es ou de programme, pr\u00e9judice financier, r\u00e9sultant de l&rsquo;utilisation de ce site ou de sites qui lui sont li\u00e9s.<\/p>\n<p>Nous attirons votre attention sur le fait que certains produits ou services pr\u00e9sent\u00e9s sur le site <a href=\"https:\/\/la-barberie.fr\" class=\"\">https:\/\/www.la-barberie.fr <\/a>peuvent faire l&rsquo;objet de r\u00e9glementations particuli\u00e8res voire de restrictions et\/ou interdictions dans certains pays.<\/p>\n<p>Vous devez, en cons\u00e9quence, vous assurer que la loi du pays \u00e0 partir duquel vous vous connectez autorise la consultation du site <a href=\"https:\/\/la-barberie.fr\" class=\"\">https:\/\/www.la-barberie.fr <\/a>.<\/p>\n<h2><strong>Mise \u00e0 jour <\/strong><\/h2>\n<p>Se r\u00e9serve le droit de modifier et de mettre \u00e0 jour, sans pr\u00e9avis, les pr\u00e9sentes Conditions G\u00e9n\u00e9rales et tous les \u00e9l\u00e9ments, produits ou services pr\u00e9sent\u00e9s sur le site.<\/p>\n<p>L&rsquo;ensemble de ces modifications s&rsquo;impose aux internautes qui doivent consulter les pr\u00e9sentes Conditions G\u00e9n\u00e9rales lors de chaque connexion<\/p>\n<\/div>\n<p>[\/vc_column_text][\/vc_column][\/vc_row]<\/p>\n","protected":false},"excerpt":{"rendered":"<p>[vc_row][vc_column][vc_column_text] Conditions d&rsquo;utilisation du site Le site https:\/\/www.la-barberie.fr\u00a0est destin\u00e9 \u00e0 l&rsquo;information personnelle des internautes qui l&rsquo;utilisent. L&rsquo;acc\u00e8s et l&rsquo;utilisation de ce site sont soumis aux pr\u00e9sentes conditions g\u00e9n\u00e9rales d\u00e9taill\u00e9es ci-apr\u00e8s ainsi qu&rsquo;aux lois applicables. La connexion et l&rsquo;acc\u00e8s au site https:\/\/www.la-barberie.fr implique l&rsquo;acceptation int\u00e9grale et sans r\u00e9serve par l&rsquo;internaute de<\/p>\n","protected":false},"author":2,"featured_media":0,"parent":0,"menu_order":0,"comment_status":"closed","ping_status":"closed","template":"","meta":{"footnotes":""},"class_list":["post-37","page","type-page","status-publish","hentry"],"_links":{"self":[{"href":"https:\/\/la-barberie.fr\/index.php?rest_route=\/wp\/v2\/pages\/37","targetHints":{"allow":["GET"]}}],"collection":[{"href":"https:\/\/la-barberie.fr\/index.php?rest_route=\/wp\/v2\/pages"}],"about":[{"href":"https:\/\/la-barberie.fr\/index.php?rest_route=\/wp\/v2\/types\/page"}],"author":[{"embeddable":true,"href":"https:\/\/la-barberie.fr\/index.php?rest_route=\/wp\/v2\/users\/2"}],"replies":[{"embeddable":true,"href":"https:\/\/la-barberie.fr\/index.php?rest_route=%2Fwp%2Fv2%2Fcomments&post=37"}],"version-history":[{"count":3,"href":"https:\/\/la-barberie.fr\/index.php?rest_route=\/wp\/v2\/pages\/37\/revisions"}],"predecessor-version":[{"id":426,"href":"https:\/\/la-barberie.fr\/index.php?rest_route=\/wp\/v2\/pages\/37\/revisions\/426"}],"wp:attachment":[{"href":"https:\/\/la-barberie.fr\/index.php?rest_route=%2Fwp%2Fv2%2Fmedia&parent=37"}],"curies":[{"name":"wp","href":"https:\/\/api.w.org\/{rel}","templated":true}]}}